{"id":1045,"date":"2023-12-20T10:39:04","date_gmt":"2023-12-20T09:39:04","guid":{"rendered":"https:\/\/recrytera.com\/privacy-policy\/"},"modified":"2025-05-20T09:45:08","modified_gmt":"2025-05-20T07:45:08","slug":"privacy-policy","status":"publish","type":"page","link":"https:\/\/recrytera.com\/es\/privacy-policy\/","title":{"rendered":"Privacy Policy"},"content":{"rendered":"<div class=\"wpb-content-wrapper\"><p>[vc_row css=\u00bb.vc_custom_1724397426832{padding-top: 50px !important;padding-bottom: 50px !important;}\u00bb][vc_column][vc_tta_accordion section_title_tag=\u00bbh3&#8243; style=\u00bbmodern\u00bb gap=\u00bb35&#8243; active_section=\u00bb\u00bb collapsible_all=\u00bbtrue\u00bb title=\u00bbPrivacy Policy\u00bb][vc_tta_section title=\u00bbINFORMACI\u00d3N SOBRE PRIVACIDAD PARA LOS USUARIOS\u00bb tab_id=\u00bb1724658627739-be24b671-e26a\u00bb][vc_column_text css=\u00bb\u00bb]<\/p>\n<p style=\"text-align: center;\"><strong>v.1.2 enero 2024<\/strong><\/p>\n<p>La presente pol\u00edtica de privacidad dirigida a los usuarios del sitio web (en adelante, <strong>\u00abpol\u00edtica\u00bb<\/strong>) tiene el objetivo de informarle sobre el tratamiento de sus datos personales cuando visita nuestro sitio web (en adelante, el <strong>\u00absitio\u00bb<\/strong>).<\/p>\n<p>A este respecto, le informamos que <strong>Recrytera S.r.l.<\/strong>, con sede en Via Erasmo Piaggio n. 35 &#8211; 66100 Chieti (CH), act\u00faa como responsable del tratamiento de sus datos personales.[\/vc_column_text][vc_column_text css=\u00bb\u00bb]<\/p>\n<h3>1-\u00bfQU\u00c9 DATOS PERSONALES RECOPILAMOS?<\/h3>\n<p>Cuando navega en nuestro sitio, podemos recopilar las siguientes categor\u00edas de datos personales:<\/p>\n<ul>\n<li><strong>Datos t\u00e9cnicos<\/strong> (por ejemplo, direcci\u00f3n IP, tipo de navegador utilizado, etc.).<\/li>\n<li><strong>Datos personales<\/strong> (nombre, apellidos, direcci\u00f3n de correo electr\u00f3nico, n\u00famero de tel\u00e9fono y cualquier otro dato personal contenido en la correspondencia que nos env\u00ede por correo electr\u00f3nico o mediante los formularios del sitio para solicitar informaci\u00f3n).<\/li>\n<\/ul>\n<p>Las cookies t\u00e9cnicas no pueden ser rechazadas por el usuario del Sitio, ya que son estrictamente funcionales para su correcto funcionamiento.<\/p>\n<p>El suministro de sus otros datos personales es voluntario, pero sin ellos no podremos proporcionarle los servicios e informaciones que solicite. Si nos contacta a trav\u00e9s del sitio, deber\u00e1 proporcionarnos su direcci\u00f3n de correo electr\u00f3nico para que podamos responderle.<\/p>\n<p>En cualquier caso, le informaremos cuando sea obligatorio proporcionar sus datos personales.<\/p>\n<p>Adem\u00e1s, si nos proporciona datos personales de terceros, se compromete a garantizar que estas personas han sido debidamente informadas sobre el tratamiento de sus datos personales de acuerdo con esta pol\u00edtica y, si es necesario, han dado su consentimiento para su tratamiento.[\/vc_column_text][vc_column_text css=\u00bb\u00bb]<\/p>\n<h3>2-\u00bfPOR QU\u00c9 UTILIZAMOS SUS DATOS PERSONALES? \u00bfPOR CU\u00c1NTO TIEMPO SE CONSERVAN?<\/h3>\n<p>Utilizamos los datos t\u00e9cnicos mencionados anteriormente exclusivamente para garantizar el correcto funcionamiento del sitio. Los datos t\u00e9cnicos no se almacenan y permanecen activos solo hasta el cierre del navegador.<\/p>\n<p>Utilizamos los datos personales indicados anteriormente para responder a las solicitudes y preguntas que pueda formular a trav\u00e9s del sitio. Conservaremos sus datos personales durante un m\u00e1ximo de 1 a\u00f1o desde nuestro \u00faltimo contacto con usted.<\/p>\n<p>En cualquier caso, le recordamos que no trataremos sus datos personales para ning\u00fan otro fin incompatible con los mencionados anteriormente.[\/vc_column_text][vc_column_text css=\u00bb\u00bb]<\/p>\n<h3>3-\u00bfCON QUI\u00c9N COMPARTIMOS SUS DATOS PERSONALES?<\/h3>\n<p>En el contexto de nuestras operaciones de tratamiento, podemos comunicar sus datos personales a los siguientes destinatarios:<\/p>\n<ul>\n<li>A nuestros proveedores, agentes y contratistas, en la medida en que nos ayuden a llevar a cabo los fines descritos en esta pol\u00edtica (por ejemplo, utilizamos proveedores de servicios inform\u00e1ticos para almacenar sus datos personales en nuestro nombre).<\/li>\n<li>A otras empresas del Grupo Dromedian.<\/li>\n<li>A los tribunales competentes, autoridades p\u00fablicas, agencias gubernamentales y fuerzas del orden (incluso si se nos requiere cumplir con solicitudes legales o normativas)<\/li>\n<\/ul>\n<p>Independientemente del destinatario, solo divulgaremos los datos personales necesarios y en la medida en que se cumplan los objetivos identificados en esta pol\u00edtica.[\/vc_column_text][vc_column_text css=\u00bb\u00bb]<\/p>\n<h3>4-\u00bfTRANSFERIMOS DATOS FUERA DEL ESPACIO ECON\u00d3MICO EUROPEO?<\/h3>\n<p>No transferimos datos fuera del Espacio Econ\u00f3mico Europeo.<\/p>\n<p>Si sus datos personales debieran ser transferidos fuera del Espacio Econ\u00f3mico Europeo (\u00abEEE\u00bb), nos aseguraremos de que el nivel de protecci\u00f3n de sus datos personales no se vea afectado negativamente por tales transferencias.<\/p>\n<p>En concreto, cada transferencia prevista se basar\u00e1 al menos en uno de los siguientes mecanismos:<\/p>\n<ul>\n<li>La existencia de una decisi\u00f3n de adecuaci\u00f3n emitida por la Comisi\u00f3n Europea para el pa\u00eds al que se transfieren sus datos personales; o<\/li>\n<li>La firma de cl\u00e1usulas contractuales tipo que reproduzcan los modelos adoptados por la Comisi\u00f3n Europea; o<\/li>\n<li>La existencia de una excepci\u00f3n relativa a una de las situaciones espec\u00edficas previstas por el Reglamento General de Protecci\u00f3n de Datos 2016\/679 (\u00ab<strong>GDPR<\/strong>\u00ab).<\/li>\n<\/ul>\n<p>[\/vc_column_text][vc_column_text css=\u00bb\u00bb]<\/p>\n<h3>5-\u00bfUTILIZAMOS COOKIES?<\/h3>\n<p>Utilizamos exclusivamente cookies t\u00e9cnicas en nuestro sitio. Estas cookies son necesarias para la navegaci\u00f3n o la prestaci\u00f3n de un servicio solicitado por el usuario. No se utilizan para otros fines y no requieren el consentimiento del usuario. El usuario puede decidir si deshabilitar las cookies t\u00e9cnicas a trav\u00e9s de la configuraci\u00f3n de su navegador, pero esto podr\u00eda afectar el funcionamiento del sitio.<\/p>\n<p>Para m\u00e1s informaci\u00f3n, consulte nuestra Pol\u00edtica de Cookies.[\/vc_column_text][vc_column_text css=\u00bb\u00bb]<\/p>\n<h3>6-PLUGINS DE TERCEROS<\/h3>\n<p>El sitio incorpora plugins y\/o botones de terceros, como los de redes sociales, para permitir al usuario seguir nuestros contenidos en otros canales.<\/p>\n<p>Estos servicios permiten interactuar con redes sociales u otras plataformas externas directamente desde este sitio web. En caso de que est\u00e9 instalado un servicio de interacci\u00f3n con plataformas externas, es posible que recopile datos de tr\u00e1fico incluso si los usuarios no lo utilizan.<\/p>\n<p>Para m\u00e1s informaci\u00f3n, consulte las pol\u00edticas de privacidad de:<\/p>\n<ul>\n<li>Facebook- Meta ( <a href=\"https:\/\/www.facebook.com\/privacy\/policy\/?section_id=0-WhatIsThePrivacy\" target=\"_blank\" rel=\"noopener\">privacy policy<\/a> ; <a href=\"https:\/\/www.facebook.com\/privacy\/policies\/cookies\/?entry_point=cookie_policy_redirect&amp;entry=0\" target=\"_blank\" rel=\"noopener\">cookie policy<\/a>)<\/li>\n<li>Twitter\/X- X Corp. ( <a href=\"https:\/\/x.com\/en\/privacy\" target=\"_blank\" rel=\"noopener\">privacy policy<\/a> ; <a href=\"https:\/\/help.x.com\/en\/rules-and-policies\/x-cookies\" target=\"_blank\" rel=\"noopener\">cookie policy<\/a>)<\/li>\n<li>LinkedIn-LinkedIn corporation ( <a href=\"https:\/\/www.linkedin.com\/legal\/privacy-policy\" target=\"_blank\" rel=\"noopener\">privacy policy<\/a> ; <a href=\"https:\/\/www.linkedin.com\/legal\/cookie-policy\" target=\"_blank\" rel=\"noopener\">cookie policy<\/a>)<\/li>\n<li>Telegram- Telagram LLC (<a href=\"https:\/\/telegram.org\/privacy\/eu\" target=\"_blank\" rel=\"noopener\">privacy policy<\/a> ; <a href=\"https:\/\/telegram.org\/privacy\/eu#:~:text=The%20only%20cookies%20we%20use,with%20an%20enhanced%20user%20experience.\" target=\"_blank\" rel=\"noopener\">cookie policy<\/a>)<\/li>\n<li>WhatsApp-Meta (<a href=\"https:\/\/www.whatsapp.com\/legal\/privacy-policy\" target=\"_blank\" rel=\"noopener\">privacy policy<\/a> ; <a href=\"https:\/\/www.whatsapp.com\/legal\/cookies\" target=\"_blank\" rel=\"noopener\">cookie policy<\/a>)<\/li>\n<\/ul>\n<p>[\/vc_column_text][vc_column_text css=\u00bb\u00bb]<\/p>\n<h3>7-\u00bfCU\u00c1LES SON SUS DERECHOS?<\/h3>\n<p>De acuerdo con el GDPR, usted tiene los siguientes derechos:<\/p>\n<ul>\n<li>Acceder, rectificar o eliminar sus datos personales.<\/li>\n<li>Solicitar la limitaci\u00f3n del tratamiento o oponerse al mismo.<\/li>\n<li>Ejercer su derecho a la portabilidad de sus datos.<\/li>\n<li>Retirar su consentimiento en cualquier momento, sin afectar la legalidad del tratamiento previo a su revocaci\u00f3n.<\/li>\n<\/ul>\n<p>Para ejercer sus derechos, cont\u00e1ctenos en la direcci\u00f3n indicada en la secci\u00f3n 8.<\/p>\n<p>Puede presentar una reclamaci\u00f3n ante la autoridad de control en Italia: <strong><a href=\"https:\/\/www.garanteprivacy.it\/\" target=\"_blank\" rel=\"noopener\">https:\/\/www.garanteprivacy.it\/<\/a><\/strong>.[\/vc_column_text][vc_column_text css=\u00bb\u00bb]<\/p>\n<h3>8-\u00bfC\u00d3MO PUEDE CONTACTARNOS?<\/h3>\n<p>Puede contactar a nuestro equipo de privacidad en <strong>privacy@concorsismart.it<\/strong>[\/vc_column_text][vc_column_text css=\u00bb\u00bb]<\/p>\n<h3>9-MODIFICACIONES A ESTA POL\u00cdTICA DE PRIVACIDAD<\/h3>\n<p>Nos reservamos el derecho de modificar esta pol\u00edtica en cualquier momento informando a los usuarios en esta p\u00e1gina.[\/vc_column_text][\/vc_tta_section][vc_tta_section title=\u00bbPOL\u00cdTICA DE PRIVACIDAD PARA CLIENTES Y CLIENTES POTENCIALES\u00bb tab_id=\u00bb1724397355536-dafab156-eeb9&#8243;][vc_column_text css=\u00bb\u00bb]<\/p>\n<p style=\"text-align: center;\"><strong>v.1.2 enero 2024<\/strong><\/p>\n<p>Recrytera S.r.l. otorga gran importancia y presta especial atenci\u00f3n a la protecci\u00f3n de sus datos personales y al respeto de su privacidad.<\/p>\n<p>El objetivo de esta pol\u00edtica de privacidad es informarle sobre el tratamiento de sus datos personales cuando act\u00faa en nombre de un cliente o un cliente potencial de Recrytera (por ejemplo, empleado, pasante, representante de la empresa, etc.).<\/p>\n<p>En este sentido, le recordamos que el Responsable del tratamiento de sus datos personales es Recrytera S.r.l., que incluye entre sus clientes reales o potenciales la entidad en cuyo nombre est\u00e1 actuando (en adelante, \u00abnosotros\u00bb, \u00abnuestro\u00bb y \u00abnos\u00bb). Consulte la Secci\u00f3n 6 (\u00ab\u00bfC\u00f3mo puede contactarnos?\u00bb) a continuaci\u00f3n para acceder a los detalles de contacto del Responsable del tratamiento.[\/vc_column_text][vc_column_text css=\u00bb\u00bb]<\/p>\n<h3>1-\u00bfQU\u00c9 DATOS PERSONALES RECOPILAMOS?<\/h3>\n<p>Recopilamos las siguientes categor\u00edas de datos personales sobre usted:<\/p>\n<ul>\n<li><strong>Datos de identificaci\u00f3n<\/strong>(nombre, c\u00f3digo fiscal, etc.);<\/li>\n<li><strong>Datos de contacto<\/strong> (direcci\u00f3n, n\u00famero de tel\u00e9fono, correo electr\u00f3nico, etc.);<\/li>\n<li><strong>Datos bancarios<\/strong> (n\u00famero IBAN, entidad financiera con la que mantiene la cuenta bancaria, etc.);<\/li>\n<li><strong>Datos diversos relacionados con posibles litigios.<\/strong><\/li>\n<\/ul>\n<p>En la mayor\u00eda de los casos, la comunicaci\u00f3n de sus datos personales es obligatoria; sin ellos, no podr\u00edamos gestionar correctamente nuestra relaci\u00f3n comercial con la entidad en cuyo nombre est\u00e1 actuando. Por ejemplo, si se niega a proporcionarnos sus datos de contacto para enviarle un acuerdo a firmar, no podremos celebrar un contrato con la entidad en cuyo nombre act\u00faa.<\/p>\n<p>En cualquier caso, le informaremos cuando sea obligatorio proporcionar sus datos personales.<\/p>\n<p>Adem\u00e1s, si nos proporciona datos personales de terceros (por ejemplo, si nos proporciona los datos de un firmante para preparar un acuerdo), garantiza que dichas personas han sido debidamente informadas sobre el tratamiento de sus datos personales conforme a esta pol\u00edtica y, si es necesario, han dado su consentimiento para dicho tratamiento.[\/vc_column_text][vc_column_text css=\u00bb\u00bb]<\/p>\n<h3>2-\u00bfPOR QU\u00c9 UTILIZAMOS SUS DATOS PERSONALES? \u00bfPOR CU\u00c1NTO TIEMPO SE CONSERVAN?<\/h3>\n<p><strong>FINALIDAD:<\/strong><br \/>\n<em>Establecimiento y gesti\u00f3n de la relaci\u00f3n con los clientes<\/em><br \/>\nRecrytera trata datos personales para el establecimiento y posterior gesti\u00f3n (hasta la terminaci\u00f3n) de la relaci\u00f3n con sus clientes y\/o para actividades de marketing directo dentro de los l\u00edmites del art. 130 (4) del Decreto Legislativo 196\/2003. Los datos personales de los clientes generalmente son proporcionados a Recrytera por terceros (distintos de los interesados), por los propios interesados cuando solicitan un servicio, o recopilados de fuentes accesibles al p\u00fablico (como internet).<\/p>\n<p><strong>BASE JUR\u00cdDICA:<\/strong><br \/>\nArt. 6 (1) (b) del GDPR: el tratamiento es necesario para la ejecuci\u00f3n de un contrato del que el interesado es parte o para la aplicaci\u00f3n de medidas precontractuales adoptadas a petici\u00f3n del mismo.<\/p>\n<p><strong>PERIODO DE CONSERVACI\u00d3N:<\/strong><\/p>\n<ul>\n<li>Datos personales relacionados con aspectos econ\u00f3micos: Hasta 10 a\u00f1os despu\u00e9s de la terminaci\u00f3n de la relaci\u00f3n laboral.<\/li>\n<li>Datos de contacto: Hasta la terminaci\u00f3n de la actividad empresarial de la empresa, salvo que el interesado solicite su eliminaci\u00f3n.<\/li>\n<\/ul>\n<p><strong>FINALIDAD:<\/strong><br \/>\n<em>Gesti\u00f3n de posibles litigios<\/em><br \/>\nRecrytera trata datos personales para la gesti\u00f3n de controversias con empleados\/colaboradores, proveedores, clientes y\/o terceros. Los datos se recopilan tanto del interesado como de terceros.<\/p>\n<p><strong>BASE JUR\u00cdDICA:<\/strong><br \/>\nEl tratamiento es necesario para el <strong>inter\u00e9s leg\u00edtimo del responsable<\/strong> del tratamiento o de terceros, siempre que no prevalezcan los intereses o derechos y libertades fundamentales del interesado ex art. 6 (1) (f) del GDPR.<br \/>\nEl tratamiento es necesario para establecer, ejercer o <strong>defender un derecho<\/strong> en procedimientos judiciales ex art. 9 (2) (f) del GDPR.<\/p>\n<p><strong>PERIODO DE CONSERVACI\u00d3N:<\/strong><br \/>\nHasta que se alcance el objetivo (sentencia firme, cumplimiento de un acuerdo, etc.).<\/p>\n<p>No trataremos sus datos personales para ning\u00fan otro fin incompatible con los mencionados. Al finalizar el periodo de conservaci\u00f3n aplicable, eliminaremos de manera irreversible o anonimizaremos sus datos personales.[\/vc_column_text][vc_column_text css=\u00bb\u00bb]<\/p>\n<h3>3-\u00bfCON QUI\u00c9N COMPARTIMOS SUS DATOS PERSONALES?<\/h3>\n<p>Podemos compartir sus datos personales con:<\/p>\n<ul>\n<li>Nuestros proveedores, agentes y contratistas (por ejemplo, proveedores de servicios inform\u00e1ticos o empresas de gesti\u00f3n de cobros en caso de facturas impagadas).<\/li>\n<li>Otras entidades del Grupo Dromedian (por ejemplo, por motivos contables o fiscales).<\/li>\n<li>Inversores\/compradores y sus asesores (por ejemplo, en procesos de fusiones y adquisiciones).<\/li>\n<li>Tribunales, autoridades p\u00fablicas, agencias gubernamentales y fuerzas del orden (en cumplimiento de solicitudes legales o normativas).<\/li>\n<\/ul>\n<p>No vendemos sus datos personales.[\/vc_column_text][vc_column_text css=\u00bb\u00bb]<\/p>\n<h3>4-\u00bfTRANSFERIMOS DATOS FUERA DEL ESPACIO ECON\u00d3MICO EUROPEO?<\/h3>\n<p>No transferimos sus datos personales fuera del Espacio Econ\u00f3mico Europeo (\u00abEEE\u00bb).<\/p>\n<p>En caso de que surja la necesidad de realizar una transferencia internacional de datos, garantizamos que se aplicar\u00e1 al menos uno de los siguientes mecanismos:<\/p>\n<ul>\n<li style=\"list-style-type: none;\">\n<ul>\n<li>Existencia de una decisi\u00f3n de adecuaci\u00f3n de la Comisi\u00f3n Europea.<\/li>\n<li>Firma de cl\u00e1usulas contractuales tipo de la Comisi\u00f3n Europea.<\/li>\n<li>Aplicaci\u00f3n de una excepci\u00f3n conforme al GDPR (por ejemplo, consentimiento expl\u00edcito del interesado).\n<ul>Puede solicitar copias de estos documentos enviando un correo a nuestro Delegado de Protecci\u00f3n de Datos (DPO), cuyos datos se indican en la Secci\u00f3n 6.[\/vc_column_text][vc_column_text css=\u00bb\u00bb]<\/ul>\n<\/li>\n<\/ul>\n<\/li>\n<\/ul>\n<h3>5-\u00bfQU\u00c9 DERECHOS TIENE?<\/h3>\n<p>Seg\u00fan el GDPR, usted tiene los siguientes derechos:<\/p>\n<ul>\n<li style=\"list-style-type: none;\">\n<ul>\n<li style=\"list-style-type: none;\">\n<ul>\n<li style=\"list-style-type: none;\">\n<ul>\n<li>Acceder, rectificar o eliminar sus datos personales.<\/li>\n<li>Solicitar la limitaci\u00f3n del tratamiento o oponerse al mismo.<\/li>\n<li>Derecho a la portabilidad de los datos.<\/li>\n<li>Retirar su consentimiento en cualquier momento.<\/li>\n<\/ul>\n<\/li>\n<\/ul>\n<\/li>\n<\/ul>\n<\/li>\n<\/ul>\n<p>Para ejercer sus derechos, cont\u00e1ctenos en la Secci\u00f3n 6. Puede presentar una reclamaci\u00f3n ante la Autoridad de control en Italia: www.garanteprivacy.it[\/vc_column_text][vc_column_text css=\u00bb\u00bb]<\/p>\n<h3>6-\u00bfC\u00d3MO PUEDE CONTACTARNOS?<\/h3>\n<p>Si tiene preguntas o solicitudes sobre el tratamiento de sus datos personales, puede contactar con nuestro DPO en privacy@concorsismart.it.[\/vc_column_text][\/vc_tta_section][vc_tta_section title=\u00bbPOL\u00cdTICA DE PRIVACIDAD PARA PROVEEDORES Y SOCIOS COMERCIALES\u00bb tab_id=\u00bb1724399960336-b613805b-793d\u00bb][vc_column_text css=\u00bb\u00bb]<\/p>\n<p style=\"text-align: center;\"><strong>v.1.2 enero 2024<\/strong><\/p>\n<p>Recrytera S.r.l. otorga gran importancia y presta especial atenci\u00f3n a la protecci\u00f3n de sus datos personales y al respeto de su privacidad.<\/p>\n<p>El objetivo de esta pol\u00edtica de privacidad es informarle sobre el tratamiento de sus datos personales cuando act\u00faa en nombre de un proveedor o de un socio comercial de Recrytera (por ejemplo, empleado, pasante, representante de la empresa, etc.).<\/p>\n<p>En este sentido, le recordamos que el Responsable del tratamiento de sus datos personales es Recrytera S.r.l., que incluye entre sus proveedores o socios comerciales la entidad en cuyo nombre est\u00e1 actuando. Consulte la Secci\u00f3n 6 (\u00ab\u00bfC\u00f3mo puede contactarnos?\u00bb) a continuaci\u00f3n para acceder a los detalles de contacto del Responsable del tratamiento.[\/vc_column_text][vc_column_text css=\u00bb\u00bb]<\/p>\n<h3>1-\u00bfQU\u00c9 DATOS PERSONALES RECOPILAMOS?<\/h3>\n<p>Recopilamos las siguientes categor\u00edas de datos personales sobre usted:<\/p>\n<ul>\n<li style=\"list-style-type: none;\">\n<ul>\n<li style=\"list-style-type: none;\">\n<ul>\n<li style=\"list-style-type: none;\">\n<ul>\n<li><strong>Datos de identificaci\u00f3n<\/strong> (por ejemplo, nombre, apellidos, datos de contacto, etc.).<\/li>\n<li><strong>Datos profesionales <\/strong>(por ejemplo, puesto de trabajo, identidad de su empleador, etc.).<\/li>\n<\/ul>\n<\/li>\n<\/ul>\n<\/li>\n<\/ul>\n<\/li>\n<\/ul>\n<p>En la mayor\u00eda de los casos, la comunicaci\u00f3n de sus datos personales es obligatoria; sin ellos, no podr\u00edamos gestionar correctamente nuestra relaci\u00f3n de colaboraci\u00f3n con la entidad en cuyo nombre est\u00e1 actuando. Por ejemplo, si se niega a proporcionarnos sus datos de contacto para enviarle un acuerdo a firmar, no podremos celebrar un contrato con la entidad en cuyo nombre act\u00faa.<\/p>\n<p>En cualquier caso, le informaremos cuando sea obligatorio proporcionar sus datos personales.<\/p>\n<p>Adem\u00e1s, si nos proporciona datos personales de terceros (por ejemplo, datos de un firmante para preparar un acuerdo), garantiza que dichas personas han sido debidamente informadas sobre el tratamiento de sus datos personales conforme a esta pol\u00edtica y, si es necesario, han dado su consentimiento para dicho tratamiento.[\/vc_column_text][vc_column_text css=\u00bb\u00bb]<\/p>\n<h3>2-\u00bfPOR QU\u00c9 UTILIZAMOS SUS DATOS PERSONALES? \u00bfPOR CU\u00c1NTO TIEMPO SE CONSERVAN?<\/h3>\n<p>La tabella sottostante illustra gli scopi per cui trattiamo i suoi dati personali e, per ogni finalit\u00e0, la base giuridica dell&#8217;operazione di trattamento in questione, nonch\u00e9 il periodo di conservazione degli stessi:<br \/>\n<strong>FINALIDAD:<\/strong><\/p>\n<ul>\n<li style=\"list-style-type: none;\">\n<ul>\n<li style=\"list-style-type: none;\">\n<ul>\n<li style=\"list-style-type: none;\">\n<ul>\n<li>Gesti\u00f3n de relaciones con proveedores y socios comerciales (preparaci\u00f3n y ejecuci\u00f3n de acuerdos, gesti\u00f3n de pedidos, facturaci\u00f3n, etc.).<\/li>\n<li>Evaluaci\u00f3n y realizaci\u00f3n de transacciones comerciales (fusiones, adquisiciones, escisiones, etc.).<\/li>\n<li>An\u00e1lisis de datos para la inteligencia de negocios y mejora de procesos internos.<\/li>\n<li>Cumplimiento de obligaciones legales.<\/li>\n<li>Gesti\u00f3n de facturas impagadas y litigios.<\/li>\n<\/ul>\n<\/li>\n<\/ul>\n<\/li>\n<\/ul>\n<\/li>\n<\/ul>\n<p><strong>BASE JUR\u00cdDICA:<\/strong><\/p>\n<ul>\n<li style=\"list-style-type: none;\">\n<ul>\n<li style=\"list-style-type: none;\">\n<ul>\n<li style=\"list-style-type: none;\">\n<ul>\n<li>Necesario para la ejecuci\u00f3n de un contrato o para la adopci\u00f3n de medidas precontractuales.<\/li>\n<li>Inter\u00e9s leg\u00edtimo en gestionar inversores o partes interesadas.<\/li>\n<li>Inter\u00e9s leg\u00edtimo en optimizar la organizaci\u00f3n.<\/li>\n<li>Necesidad de cumplir con obligaciones legales.<\/li>\n<li>Necesario para la ejecuci\u00f3n del contrato y la defensa de nuestros intereses.<\/li>\n<\/ul>\n<\/li>\n<\/ul>\n<\/li>\n<\/ul>\n<\/li>\n<\/ul>\n<p><strong>PERIODO DE CONSERVACI\u00d3N:<\/strong><\/p>\n<ul>\n<li style=\"list-style-type: none;\">\n<ul>\n<li style=\"list-style-type: none;\">\n<ul>\n<li style=\"list-style-type: none;\">\n<ul>\n<li>No m\u00e1s de 10 a\u00f1os despu\u00e9s de la terminaci\u00f3n de la relaci\u00f3n contractual.<\/li>\n<li>Solo el tiempo necesario para evaluar y ejecutar las transacciones.<\/li>\n<li>Durante el tiempo necesario para el an\u00e1lisis.<\/li>\n<li>Durante el periodo de prescripci\u00f3n legal aplicable.<\/li>\n<li>Durante el tiempo necesario para la recuperaci\u00f3n de deudas y litigios.<\/li>\n<\/ul>\n<\/li>\n<\/ul>\n<\/li>\n<\/ul>\n<\/li>\n<\/ul>\n<p>No trataremos sus datos personales para ning\u00fan otro fin incompatible con los mencionados. Al finalizar el periodo de conservaci\u00f3n aplicable, eliminaremos de manera irreversible o anonimizaremos sus datos personales.[\/vc_column_text][vc_column_text css=\u00bb\u00bb]<\/p>\n<h3>3-\u00bfCON QUI\u00c9N COMPARTIMOS SUS DATOS PERSONALES?<\/h3>\n<p>Podemos compartir sus datos personales con:<\/p>\n<ul>\n<li style=\"list-style-type: none;\">\n<ul>\n<li style=\"list-style-type: none;\">\n<ul>\n<li style=\"list-style-type: none;\">\n<ul>\n<li><strong>Nuestros proveedores, agentes y contratistas<\/strong>, en la medida en que nos ayuden en las finalidades descritas en esta pol\u00edtica (por ejemplo, almacenamiento de datos, servicios IT, etc.).<\/li>\n<li><strong>Otras entidades del Grupo Dromedian<\/strong>, en el marco de consolidaciones contables o fiscales.<\/li>\n<li><strong>Inversores\/compradores y sus asesores<\/strong>, en procesos de fusiones y adquisiciones.<\/li>\n<li><strong>Tribunales, autoridades p\u00fablicas, agencias gubernamentales y fuerzas del orden<\/strong>, en cumplimiento de solicitudes legales o normativas.<\/li>\n<\/ul>\n<\/li>\n<\/ul>\n<\/li>\n<\/ul>\n<\/li>\n<\/ul>\n<p>Independientemente del destinatario, comunicaremos sus datos personales solo en base a la estricta necesidad de conocimiento y en la medida necesaria para cumplir con las finalidades establecidas en esta pol\u00edtica. <strong>No vendemos sus datos personales.<\/strong> [\/vc_column_text][vc_column_text css=\u00bb\u00bb]<\/p>\n<h3>4-\u00bfTRANSFERIMOS DATOS FUERA DEL ESPACIO ECON\u00d3MICO EUROPEO?<\/h3>\n<p>No transferimos sus datos personales fuera del Espacio Econ\u00f3mico Europeo (\u00abEEE\u00bb).<br \/>\nEn caso de que sea necesario un traspaso internacional de datos, garantizamos que se aplicar\u00e1 al menos uno de los siguientes mecanismos:<\/p>\n<ul>\n<li style=\"list-style-type: none;\">\n<ul>\n<li style=\"list-style-type: none;\">\n<ul>\n<li style=\"list-style-type: none;\">\n<ul>\n<li>Existencia de una decisi\u00f3n de adecuaci\u00f3n de la Comisi\u00f3n Europea.<\/li>\n<li>Firma de cl\u00e1usulas contractuales tipo de la Comisi\u00f3n Europea.<\/li>\n<li>Aplicaci\u00f3n de una excepci\u00f3n conforme al GDPR (por ejemplo, consentimiento expl\u00edcito del interesado).<\/li>\n<\/ul>\n<\/li>\n<\/ul>\n<\/li>\n<\/ul>\n<\/li>\n<\/ul>\n<p>Puede solicitar copias de estos documentos enviando un correo a nuestro Delegado de Protecci\u00f3n de Datos (DPO), cuyos datos se indican en la Secci\u00f3n 6.[\/vc_column_text][vc_column_text css=\u00bb\u00bb]<\/p>\n<h3>5-\u00bfQU\u00c9 DERECHOS TIENE?<\/h3>\n<p>Seg\u00fan el GDPR, usted tiene los siguientes derechos:<\/p>\n<ul>\n<li style=\"list-style-type: none;\">\n<ul>\n<li style=\"list-style-type: none;\">\n<ul>\n<li style=\"list-style-type: none;\">\n<ul>\n<li><strong>Acceder, rectificar o eliminar<\/strong> sus datos personales.<\/li>\n<li><strong>Solicitar la limitaci\u00f3n del tratamiento o oponerse al mismo.<\/strong><\/li>\n<li><strong>Ejercer su derecho a la portabilidad<\/strong> de los datos.<\/li>\n<li><strong>Retirar su consentimiento<\/strong> en cualquier momento.<\/li>\n<\/ul>\n<\/li>\n<\/ul>\n<\/li>\n<\/ul>\n<\/li>\n<\/ul>\n<p>Algunos de estos derechos pueden estar sujetos a condiciones espec\u00edficas del marco legal vigente. Si su situaci\u00f3n no cumple dichas condiciones, no podremos satisfacer su solicitud.<\/p>\n<p>Para ejercer sus derechos, cont\u00e1ctenos en la Secci\u00f3n 6. Puede presentar una reclamaci\u00f3n ante la Autoridad de control en Italia: www.garanteprivacy.it.[\/vc_column_text][vc_column_text css=\u00bb\u00bb]<\/p>\n<h3>6-\u00bfC\u00d3MO PUEDE CONTACTARNOS?<\/h3>\n<p>Si tiene preguntas o solicitudes sobre el tratamiento de sus datos personales, puede contactar con nuestro DPO en <strong>privacy@concorsismart.it<\/strong>[\/vc_column_text][\/vc_tta_section][\/vc_tta_accordion][\/vc_column][\/vc_row]<\/p>\n<\/div>","protected":false},"excerpt":{"rendered":"<p>[vc_row css=\u00bb.vc_custom_1724397426832{padding-top: 50px !important;padding-bottom: 50px !important;}\u00bb][vc_column][vc_tta_accordion section_title_tag=\u00bbh3&#8243; style=\u00bbmodern\u00bb gap=\u00bb35&#8243; active_section=\u00bb\u00bb collapsible_all=\u00bbtrue\u00bb title=\u00bbPrivacy Policy\u00bb][vc_tta_section title=\u00bbINFORMACI\u00d3N SOBRE PRIVACIDAD PARA LOS USUARIOS\u00bb tab_id=\u00bb1724658627739-be24b671-e26a\u00bb][vc_column_text css=\u00bb\u00bb] v.1.2 enero 2024 La presente pol\u00edtica de privacidad dirigida a los usuarios del sitio web (en adelante, \u00abpol\u00edtica\u00bb) tiene el objetivo de informarle sobre el tratamiento de sus datos personales cuando visita nuestro sitio [&hellip;]<\/p>\n","protected":false},"author":1,"featured_media":0,"parent":0,"menu_order":999,"comment_status":"closed","ping_status":"open","template":"fullwidth.php","meta":{"_acf_changed":false,"inline_featured_image":false,"footnotes":""},"class_list":["post-1045","page","type-page","status-publish","hentry"],"acf":[],"yoast_head":"<!-- This site is optimized with the Yoast SEO plugin v27.3 - https:\/\/yoast.com\/product\/yoast-seo-wordpress\/ -->\n<title>Privacy Policy - Recrytera<\/title>\n<meta name=\"robots\" content=\"index, follow, max-snippet:-1, max-image-preview:large, max-video-preview:-1\" \/>\n<link rel=\"canonical\" href=\"https:\/\/recrytera.com\/es\/privacy-policy\/\" \/>\n<meta property=\"og:locale\" content=\"es_ES\" \/>\n<meta property=\"og:type\" content=\"article\" \/>\n<meta property=\"og:title\" content=\"Privacy Policy - Recrytera\" \/>\n<meta property=\"og:description\" content=\"[vc_row css=\u00bb.vc_custom_1724397426832{padding-top: 50px !important;padding-bottom: 50px !important;}\u00bb][vc_column][vc_tta_accordion section_title_tag=\u00bbh3&#8243; style=\u00bbmodern\u00bb gap=\u00bb35&#8243; active_section=\u00bb\u00bb collapsible_all=\u00bbtrue\u00bb title=\u00bbPrivacy Policy\u00bb][vc_tta_section title=\u00bbINFORMACI\u00d3N SOBRE PRIVACIDAD PARA LOS USUARIOS\u00bb tab_id=\u00bb1724658627739-be24b671-e26a\u00bb][vc_column_text css=\u00bb\u00bb] v.1.2 enero 2024 La presente pol\u00edtica de privacidad dirigida a los usuarios del sitio web (en adelante, \u00abpol\u00edtica\u00bb) tiene el objetivo de informarle sobre el tratamiento de sus datos personales cuando visita nuestro sitio [&hellip;]\" \/>\n<meta property=\"og:url\" content=\"https:\/\/recrytera.com\/es\/privacy-policy\/\" \/>\n<meta property=\"og:site_name\" content=\"Recrytera\" \/>\n<meta property=\"article:modified_time\" content=\"2025-05-20T07:45:08+00:00\" \/>\n<meta name=\"twitter:card\" content=\"summary_large_image\" \/>\n<meta name=\"twitter:label1\" content=\"Tiempo de lectura\" \/>\n\t<meta name=\"twitter:data1\" content=\"14 minutos\" \/>\n<script type=\"application\/ld+json\" class=\"yoast-schema-graph\">{\"@context\":\"https:\\\/\\\/schema.org\",\"@graph\":[{\"@type\":\"WebPage\",\"@id\":\"https:\\\/\\\/recrytera.com\\\/es\\\/privacy-policy\\\/\",\"url\":\"https:\\\/\\\/recrytera.com\\\/es\\\/privacy-policy\\\/\",\"name\":\"Privacy Policy - Recrytera\",\"isPartOf\":{\"@id\":\"https:\\\/\\\/recrytera.com\\\/es\\\/#website\"},\"datePublished\":\"2023-12-20T09:39:04+00:00\",\"dateModified\":\"2025-05-20T07:45:08+00:00\",\"breadcrumb\":{\"@id\":\"https:\\\/\\\/recrytera.com\\\/es\\\/privacy-policy\\\/#breadcrumb\"},\"inLanguage\":\"es\",\"potentialAction\":[{\"@type\":\"ReadAction\",\"target\":[\"https:\\\/\\\/recrytera.com\\\/es\\\/privacy-policy\\\/\"]}]},{\"@type\":\"BreadcrumbList\",\"@id\":\"https:\\\/\\\/recrytera.com\\\/es\\\/privacy-policy\\\/#breadcrumb\",\"itemListElement\":[{\"@type\":\"ListItem\",\"position\":1,\"name\":\"Home\",\"item\":\"https:\\\/\\\/recrytera.com\\\/es\\\/\"},{\"@type\":\"ListItem\",\"position\":2,\"name\":\"Privacy Policy\"}]},{\"@type\":\"WebSite\",\"@id\":\"https:\\\/\\\/recrytera.com\\\/es\\\/#website\",\"url\":\"https:\\\/\\\/recrytera.com\\\/es\\\/\",\"name\":\"Recrytera\",\"description\":\"Digital recruiting\",\"potentialAction\":[{\"@type\":\"SearchAction\",\"target\":{\"@type\":\"EntryPoint\",\"urlTemplate\":\"https:\\\/\\\/recrytera.com\\\/es\\\/?s={search_term_string}\"},\"query-input\":{\"@type\":\"PropertyValueSpecification\",\"valueRequired\":true,\"valueName\":\"search_term_string\"}}],\"inLanguage\":\"es\"}]}<\/script>\n<!-- \/ Yoast SEO plugin. -->","yoast_head_json":{"title":"Privacy Policy - Recrytera","robots":{"index":"index","follow":"follow","max-snippet":"max-snippet:-1","max-image-preview":"max-image-preview:large","max-video-preview":"max-video-preview:-1"},"canonical":"https:\/\/recrytera.com\/es\/privacy-policy\/","og_locale":"es_ES","og_type":"article","og_title":"Privacy Policy - Recrytera","og_description":"[vc_row css=\u00bb.vc_custom_1724397426832{padding-top: 50px !important;padding-bottom: 50px !important;}\u00bb][vc_column][vc_tta_accordion section_title_tag=\u00bbh3&#8243; style=\u00bbmodern\u00bb gap=\u00bb35&#8243; active_section=\u00bb\u00bb collapsible_all=\u00bbtrue\u00bb title=\u00bbPrivacy Policy\u00bb][vc_tta_section title=\u00bbINFORMACI\u00d3N SOBRE PRIVACIDAD PARA LOS USUARIOS\u00bb tab_id=\u00bb1724658627739-be24b671-e26a\u00bb][vc_column_text css=\u00bb\u00bb] v.1.2 enero 2024 La presente pol\u00edtica de privacidad dirigida a los usuarios del sitio web (en adelante, \u00abpol\u00edtica\u00bb) tiene el objetivo de informarle sobre el tratamiento de sus datos personales cuando visita nuestro sitio [&hellip;]","og_url":"https:\/\/recrytera.com\/es\/privacy-policy\/","og_site_name":"Recrytera","article_modified_time":"2025-05-20T07:45:08+00:00","twitter_card":"summary_large_image","twitter_misc":{"Tiempo de lectura":"14 minutos"},"schema":{"@context":"https:\/\/schema.org","@graph":[{"@type":"WebPage","@id":"https:\/\/recrytera.com\/es\/privacy-policy\/","url":"https:\/\/recrytera.com\/es\/privacy-policy\/","name":"Privacy Policy - Recrytera","isPartOf":{"@id":"https:\/\/recrytera.com\/es\/#website"},"datePublished":"2023-12-20T09:39:04+00:00","dateModified":"2025-05-20T07:45:08+00:00","breadcrumb":{"@id":"https:\/\/recrytera.com\/es\/privacy-policy\/#breadcrumb"},"inLanguage":"es","potentialAction":[{"@type":"ReadAction","target":["https:\/\/recrytera.com\/es\/privacy-policy\/"]}]},{"@type":"BreadcrumbList","@id":"https:\/\/recrytera.com\/es\/privacy-policy\/#breadcrumb","itemListElement":[{"@type":"ListItem","position":1,"name":"Home","item":"https:\/\/recrytera.com\/es\/"},{"@type":"ListItem","position":2,"name":"Privacy Policy"}]},{"@type":"WebSite","@id":"https:\/\/recrytera.com\/es\/#website","url":"https:\/\/recrytera.com\/es\/","name":"Recrytera","description":"Digital recruiting","potentialAction":[{"@type":"SearchAction","target":{"@type":"EntryPoint","urlTemplate":"https:\/\/recrytera.com\/es\/?s={search_term_string}"},"query-input":{"@type":"PropertyValueSpecification","valueRequired":true,"valueName":"search_term_string"}}],"inLanguage":"es"}]}},"_links":{"self":[{"href":"https:\/\/recrytera.com\/es\/wp-json\/wp\/v2\/pages\/1045","targetHints":{"allow":["GET"]}}],"collection":[{"href":"https:\/\/recrytera.com\/es\/wp-json\/wp\/v2\/pages"}],"about":[{"href":"https:\/\/recrytera.com\/es\/wp-json\/wp\/v2\/types\/page"}],"author":[{"embeddable":true,"href":"https:\/\/recrytera.com\/es\/wp-json\/wp\/v2\/users\/1"}],"replies":[{"embeddable":true,"href":"https:\/\/recrytera.com\/es\/wp-json\/wp\/v2\/comments?post=1045"}],"version-history":[{"count":3,"href":"https:\/\/recrytera.com\/es\/wp-json\/wp\/v2\/pages\/1045\/revisions"}],"predecessor-version":[{"id":1286,"href":"https:\/\/recrytera.com\/es\/wp-json\/wp\/v2\/pages\/1045\/revisions\/1286"}],"wp:attachment":[{"href":"https:\/\/recrytera.com\/es\/wp-json\/wp\/v2\/media?parent=1045"}],"curies":[{"name":"wp","href":"https:\/\/api.w.org\/{rel}","templated":true}]}}